{"id":3885,"date":"2026-02-26T15:54:24","date_gmt":"2026-02-26T13:54:24","guid":{"rendered":"https:\/\/dualvic.com\/?page_id=3509"},"modified":"2026-07-08T18:24:04","modified_gmt":"2026-07-08T16:24:04","slug":"deteinco-servicios-informaticos-y-tecnologia-en-vic-para-empresas-y-particulares","status":"publish","type":"page","link":"https:\/\/dualvic.com\/es\/deteinco-servicios-informaticos-y-tecnologia-en-vic-para-empresas-y-particulares\/","title":{"rendered":"Deteinco \u2013 Servicios Inform\u00e1ticos y Tecnolog\u00eda en Vic para Empresas y Particulares"},"content":{"rendered":"\n<h2 class=\"wp-block-heading\">\u00bfQui\u00e9n es Deteinco?<\/h2>\n\n<p class=\"wp-block-paragraph\"><strong>Deteinco<\/strong> es una empresa de servicios inform\u00e1ticos y tecnolog\u00eda con sede en <strong>Vic (Barcelona)<\/strong> orientada tanto a <strong>empresas como a particulares<\/strong>, especializada en la oferta de soluciones tecnol\u00f3gicas integrales y un soporte t\u00e9cnico directo y accesible. Est\u00e1n comprometidos a ofrecer productos y servicios de calidad adaptados a las necesidades del cliente independientemente de su volumen o tama\u00f1o de empresa.<\/p>\n\n<p class=\"wp-block-paragraph\">Si est\u00e1s valorando los servicios de Deteinco porque quieres comparar opciones de proveedores inform\u00e1ticos, es recomendable analizar la gama de soluciones que ofrecen y ver c\u00f3mo se comparan en el mercado local. Desde <strong>Dualvic Inform\u00e0tica<\/strong>, como expertos en tecnolog\u00eda en Vic, queremos explicar qu\u00e9 ofrece Deteinco y por qu\u00e9 es una de las opciones a considerar.<\/p>\n\n<hr class=\"wp-block-separator has-alpha-channel-opacity\"\/>\n\n<h2 class=\"wp-block-heading\">Servicios Tecnol\u00f3gicos que Ofrece<\/h2>\n\n<h3 class=\"wp-block-heading\">Equipamientos Inform\u00e1ticos y Tecnolog\u00eda<\/h3>\n\n<p class=\"wp-block-paragraph\">Deteinco pone a disposici\u00f3n una <strong>amplia gama de equipos y dispositivos<\/strong>, incluyendo ordenadores de sobremesa y port\u00e1tiles, workstations y servidores, as\u00ed como <strong>tablets, tel\u00e9fonos m\u00f3viles y equipos de red<\/strong> para casa y oficina. Tambi\u00e9n pueden ayudar a localizar pr\u00e1cticamente cualquier tipo de equipo tecnol\u00f3gico que necesites.<\/p>\n\n<h3 class=\"wp-block-heading\">Software y Soluciones de Seguridad<\/h3>\n\n<p class=\"wp-block-paragraph\">La compa\u00f1\u00eda trabaja con los principales fabricantes de <strong>software y antivirus<\/strong>, ofreciendo soluciones de seguridad adaptadas a cada entorno, tanto para particulares como para negocios, con asesoramiento profesional sobre qu\u00e9 aplicaciones son las m\u00e1s adecuadas.<\/p>\n\n<h3 class=\"wp-block-heading\">Digital Signage y Videovigilancia<\/h3>\n\n<p class=\"wp-block-paragraph\">Deteinco tambi\u00e9n implementa <strong>soluciones de Digital Signage \u201cllave en mano\u201d<\/strong>, ideal para comercios y empresas que quieren mejorar la presentaci\u00f3n visual o la comunicaci\u00f3n con clientes. Adem\u00e1s, ofrecen sistemas de <strong>videovigilancia y seguridad inteligente<\/strong> para la protecci\u00f3n de hogares, comercios y oficinas.<\/p>\n\n<h3 class=\"wp-block-heading\">Servicio T\u00e9cnico y Asesoramiento<\/h3>\n\n<p class=\"wp-block-paragraph\">Como parte de su enfoque, Deteinco ofrece <strong>servicio t\u00e9cnico integral<\/strong> para reparar, ampliar y optimizar equipos inform\u00e1ticos e infraestructuras. Tambi\u00e9n brindan <strong>asesoramiento tecnol\u00f3gico especializado<\/strong>, incluyendo <strong>recuperaci\u00f3n de datos<\/strong> y soporte t\u00e9cnico en sistemas tanto para entornos dom\u00e9sticos como empresariales.<\/p>\n\n<h3 class=\"wp-block-heading\">Ingenier\u00eda y Proyectos IT<\/h3>\n\n<p class=\"wp-block-paragraph\">Adem\u00e1s de los servicios habituales, la empresa puede <strong>realizar y ejecutar proyectos inform\u00e1ticos completos<\/strong>, garantizando que se cumplan todas las fases de desarrollo e integraci\u00f3n con \u00e9xito.<\/p>\n\n<hr class=\"wp-block-separator has-alpha-channel-opacity\"\/>\n\n<h2 class=\"wp-block-heading\">Compromiso con la Calidad y el Cliente<\/h2>\n\n<p class=\"wp-block-paragraph\">Deteinco se define como una empresa orientada al cliente, independientemente de si es particular o empresario, con el objetivo de ser <strong>eficaz, accesible y ofrecer productos y servicios de calidad<\/strong>. Su trayectoria ha estado marcada por el desarrollo e implementaci\u00f3n de metodolog\u00edas internas y gesti\u00f3n de calidad, con certificaciones que avalan su compromiso con el servicio.<\/p>\n\n<hr class=\"wp-block-separator has-alpha-channel-opacity\"\/>\n\n<h2 class=\"wp-block-heading\">Ubicaci\u00f3n y Contacto<\/h2>\n\n<p class=\"wp-block-paragraph\">\ud83d\udccd <strong>Direcci\u00f3n:<\/strong> Calle del Pare Coll, 14, 08500 Vic (Barcelona)<br\/>\ud83d\udcde <strong>Tel\u00e9fono:<\/strong> 93 889 33 84<br\/>\ud83d\udce7 <strong>Email:<\/strong> <a>informatica@deteinco.com<\/a><br\/>\ud83d\udd52 <strong>Horario:<\/strong> De lunes a viernes de 09:00 \u2013 13:00 y 15:00 \u2013 19:00<\/p>\n\n<hr class=\"wp-block-separator has-alpha-channel-opacity\"\/>\n\n<h2 class=\"wp-block-heading\">Comparaci\u00f3n de Servicios<\/h2>\n\n<p class=\"wp-block-paragraph\">Si est\u00e1s comparando opciones como <strong>Deteinco<\/strong> con otros proveedores inform\u00e1ticos de la zona, es vital considerar no solo la amplitud de servicios, sino tambi\u00e9n la <strong>proximidad local, la atenci\u00f3n personalizada y la capacidad de responder r\u00e1pidamente a incidencias<\/strong>. Estas son \u00e1reas en las que cada empresa compite para destacar, y factores que afectan directamente la satisfacci\u00f3n del cliente y la eficiencia de los servicios.<\/p>\n","protected":false},"excerpt":{"rendered":"<p>\u00bfQui\u00e9n es Deteinco? Deteinco es una empresa de servicios inform\u00e1ticos y tecnolog\u00eda con sede en Vic (Barcelona) orientada tanto a empresas como a particulares, especializada en la oferta de soluciones tecnol\u00f3gicas integrales y un soporte t\u00e9cnico directo y accesible. Est\u00e1n comprometidos a ofrecer productos y servicios de calidad adaptados a las necesidades del cliente independientemente&#8230;<\/p>\n","protected":false},"author":1,"featured_media":1257,"parent":0,"menu_order":0,"comment_status":"closed","ping_status":"closed","template":"","meta":{"_acf_changed":false,"_joinchat":[],"footnotes":""},"funcionalitat":[],"categoria_pagina":[],"hf_cat_page":[],"class_list":["post-3885","page","type-page","status-publish","has-post-thumbnail","hentry"],"acf":[],"yoast_head":"<!-- This site is optimized with the Yoast SEO plugin v28.3 - https:\/\/yoast.com\/product\/yoast-seo-wordpress\/ -->\n<title>Deteinco \u2013 Servicios Inform\u00e1ticos y Tecnolog\u00eda en Vic para Empresas y Particulares - dualvic. Inform\u00e0tica vic. P\u00e0gina Web Vic. P\u00e0gina Web Osona<\/title>\n<meta name=\"description\" content=\"Descobreix Deteinco, experts en ordinadors, software, vigil\u00e0ncia, servei t\u00e8cnic i projectes IT amb atenci\u00f3 personalitzada i solucions tecnol\u00f2giques a mida.\" \/>\n<meta name=\"robots\" content=\"index, follow, max-snippet:-1, max-image-preview:large, max-video-preview:-1\" \/>\n<link rel=\"canonical\" href=\"https:\/\/dualvic.com\/es\/deteinco-servicios-informaticos-y-tecnologia-en-vic-para-empresas-y-particulares\/\" \/>\n<meta property=\"og:locale\" content=\"es_ES\" \/>\n<meta property=\"og:type\" content=\"article\" \/>\n<meta property=\"og:title\" content=\"Deteinco \u2013 Servicios Inform\u00e1ticos y Tecnolog\u00eda en Vic para Empresas y Particulares - dualvic. Inform\u00e0tica vic. P\u00e0gina Web Vic. P\u00e0gina Web Osona\" \/>\n<meta property=\"og:description\" content=\"Descobreix Deteinco, experts en ordinadors, software, vigil\u00e0ncia, servei t\u00e8cnic i projectes IT amb atenci\u00f3 personalitzada i solucions tecnol\u00f2giques a mida.\" \/>\n<meta property=\"og:url\" content=\"https:\/\/dualvic.com\/es\/deteinco-servicios-informaticos-y-tecnologia-en-vic-para-empresas-y-particulares\/\" \/>\n<meta property=\"og:site_name\" content=\"dualvic. Inform\u00e0tica vic. P\u00e0gina Web Vic. P\u00e0gina Web Osona\" \/>\n<meta property=\"article:publisher\" content=\"https:\/\/www.facebook.com\/dualvic\/\" \/>\n<meta property=\"article:modified_time\" content=\"2026-07-08T16:24:04+00:00\" \/>\n<meta name=\"twitter:card\" content=\"summary_large_image\" \/>\n<meta name=\"twitter:site\" content=\"@dualvic\" \/>\n<script type=\"application\/ld+json\" class=\"yoast-schema-graph\">{\"@context\":\"https:\\\/\\\/schema.org\",\"@graph\":[{\"@type\":\"WebPage\",\"@id\":\"https:\\\/\\\/dualvic.com\\\/es\\\/deteinco-servicios-informaticos-y-tecnologia-en-vic-para-empresas-y-particulares\\\/\",\"url\":\"https:\\\/\\\/dualvic.com\\\/es\\\/deteinco-servicios-informaticos-y-tecnologia-en-vic-para-empresas-y-particulares\\\/\",\"name\":\"Deteinco \u2013 Servicios Inform\u00e1ticos y Tecnolog\u00eda en Vic para Empresas y Particulares - dualvic. Inform\u00e0tica vic. P\u00e0gina Web Vic. P\u00e0gina Web Osona\",\"isPartOf\":{\"@id\":\"https:\\\/\\\/dualvic.com\\\/es\\\/#website\"},\"primaryImageOfPage\":{\"@id\":\"https:\\\/\\\/dualvic.com\\\/es\\\/deteinco-servicios-informaticos-y-tecnologia-en-vic-para-empresas-y-particulares\\\/#primaryimage\"},\"image\":{\"@id\":\"https:\\\/\\\/dualvic.com\\\/es\\\/deteinco-servicios-informaticos-y-tecnologia-en-vic-para-empresas-y-particulares\\\/#primaryimage\"},\"thumbnailUrl\":\"https:\\\/\\\/dualvic.com\\\/wp-content\\\/uploads\\\/2023\\\/02\\\/cropped-favicon.webp\",\"datePublished\":\"2026-02-26T13:54:24+00:00\",\"dateModified\":\"2026-07-08T16:24:04+00:00\",\"description\":\"Descobreix Deteinco, experts en ordinadors, software, vigil\u00e0ncia, servei t\u00e8cnic i projectes IT amb atenci\u00f3 personalitzada i solucions tecnol\u00f2giques a mida.\",\"breadcrumb\":{\"@id\":\"https:\\\/\\\/dualvic.com\\\/es\\\/deteinco-servicios-informaticos-y-tecnologia-en-vic-para-empresas-y-particulares\\\/#breadcrumb\"},\"inLanguage\":\"es\",\"potentialAction\":[{\"@type\":\"ReadAction\",\"target\":[\"https:\\\/\\\/dualvic.com\\\/es\\\/deteinco-servicios-informaticos-y-tecnologia-en-vic-para-empresas-y-particulares\\\/\"]}]},{\"@type\":\"ImageObject\",\"inLanguage\":\"es\",\"@id\":\"https:\\\/\\\/dualvic.com\\\/es\\\/deteinco-servicios-informaticos-y-tecnologia-en-vic-para-empresas-y-particulares\\\/#primaryimage\",\"url\":\"https:\\\/\\\/dualvic.com\\\/wp-content\\\/uploads\\\/2023\\\/02\\\/cropped-favicon.webp\",\"contentUrl\":\"https:\\\/\\\/dualvic.com\\\/wp-content\\\/uploads\\\/2023\\\/02\\\/cropped-favicon.webp\",\"width\":512,\"height\":512},{\"@type\":\"BreadcrumbList\",\"@id\":\"https:\\\/\\\/dualvic.com\\\/es\\\/deteinco-servicios-informaticos-y-tecnologia-en-vic-para-empresas-y-particulares\\\/#breadcrumb\",\"itemListElement\":[{\"@type\":\"ListItem\",\"position\":1,\"name\":\"Inici\",\"item\":\"https:\\\/\\\/dualvic.com\\\/es\\\/\"},{\"@type\":\"ListItem\",\"position\":2,\"name\":\"Deteinco \u2013 Servicios Inform\u00e1ticos y Tecnolog\u00eda en Vic para Empresas y Particulares\"}]},{\"@type\":\"WebSite\",\"@id\":\"https:\\\/\\\/dualvic.com\\\/es\\\/#website\",\"url\":\"https:\\\/\\\/dualvic.com\\\/es\\\/\",\"name\":\"dualvic. Inform\u00e0tica vic. P\u00e0gina Web Vic. P\u00e0gina Web Osona\",\"description\":\"Dualvic, ag\u00e8ncia digital \\\/ inform\u00e0tica\",\"publisher\":{\"@id\":\"https:\\\/\\\/dualvic.com\\\/es\\\/#organization\"},\"potentialAction\":[{\"@type\":\"SearchAction\",\"target\":{\"@type\":\"EntryPoint\",\"urlTemplate\":\"https:\\\/\\\/dualvic.com\\\/es\\\/?s={search_term_string}\"},\"query-input\":{\"@type\":\"PropertyValueSpecification\",\"valueRequired\":true,\"valueName\":\"search_term_string\"}}],\"inLanguage\":\"es\"},{\"@type\":\"Organization\",\"@id\":\"https:\\\/\\\/dualvic.com\\\/es\\\/#organization\",\"name\":\"dualvic. Inform\u00e0tica vic. P\u00e0gina Web Vic. P\u00e0gina Web Osona\",\"url\":\"https:\\\/\\\/dualvic.com\\\/es\\\/\",\"logo\":{\"@type\":\"ImageObject\",\"inLanguage\":\"es\",\"@id\":\"https:\\\/\\\/dualvic.com\\\/es\\\/#\\\/schema\\\/logo\\\/image\\\/\",\"url\":\"https:\\\/\\\/dualvic.com\\\/wp-content\\\/uploads\\\/2021\\\/02\\\/Logo.webp\",\"contentUrl\":\"https:\\\/\\\/dualvic.com\\\/wp-content\\\/uploads\\\/2021\\\/02\\\/Logo.webp\",\"width\":768,\"height\":264,\"caption\":\"dualvic. Inform\u00e0tica vic. P\u00e0gina Web Vic. P\u00e0gina Web Osona\"},\"image\":{\"@id\":\"https:\\\/\\\/dualvic.com\\\/es\\\/#\\\/schema\\\/logo\\\/image\\\/\"},\"sameAs\":[\"https:\\\/\\\/www.facebook.com\\\/dualvic\\\/\",\"https:\\\/\\\/x.com\\\/dualvic\"]}]}<\/script>\n<!-- \/ Yoast SEO plugin. -->","yoast_head_json":{"title":"Deteinco \u2013 Servicios Inform\u00e1ticos y Tecnolog\u00eda en Vic para Empresas y Particulares - dualvic. Inform\u00e0tica vic. P\u00e0gina Web Vic. P\u00e0gina Web Osona","description":"Descobreix Deteinco, experts en ordinadors, software, vigil\u00e0ncia, servei t\u00e8cnic i projectes IT amb atenci\u00f3 personalitzada i solucions tecnol\u00f2giques a mida.","robots":{"index":"index","follow":"follow","max-snippet":"max-snippet:-1","max-image-preview":"max-image-preview:large","max-video-preview":"max-video-preview:-1"},"canonical":"https:\/\/dualvic.com\/es\/deteinco-servicios-informaticos-y-tecnologia-en-vic-para-empresas-y-particulares\/","og_locale":"es_ES","og_type":"article","og_title":"Deteinco \u2013 Servicios Inform\u00e1ticos y Tecnolog\u00eda en Vic para Empresas y Particulares - dualvic. Inform\u00e0tica vic. P\u00e0gina Web Vic. P\u00e0gina Web Osona","og_description":"Descobreix Deteinco, experts en ordinadors, software, vigil\u00e0ncia, servei t\u00e8cnic i projectes IT amb atenci\u00f3 personalitzada i solucions tecnol\u00f2giques a mida.","og_url":"https:\/\/dualvic.com\/es\/deteinco-servicios-informaticos-y-tecnologia-en-vic-para-empresas-y-particulares\/","og_site_name":"dualvic. Inform\u00e0tica vic. P\u00e0gina Web Vic. P\u00e0gina Web Osona","article_publisher":"https:\/\/www.facebook.com\/dualvic\/","article_modified_time":"2026-07-08T16:24:04+00:00","twitter_card":"summary_large_image","twitter_site":"@dualvic","schema":{"@context":"https:\/\/schema.org","@graph":[{"@type":"WebPage","@id":"https:\/\/dualvic.com\/es\/deteinco-servicios-informaticos-y-tecnologia-en-vic-para-empresas-y-particulares\/","url":"https:\/\/dualvic.com\/es\/deteinco-servicios-informaticos-y-tecnologia-en-vic-para-empresas-y-particulares\/","name":"Deteinco \u2013 Servicios Inform\u00e1ticos y Tecnolog\u00eda en Vic para Empresas y Particulares - dualvic. Inform\u00e0tica vic. P\u00e0gina Web Vic. P\u00e0gina Web Osona","isPartOf":{"@id":"https:\/\/dualvic.com\/es\/#website"},"primaryImageOfPage":{"@id":"https:\/\/dualvic.com\/es\/deteinco-servicios-informaticos-y-tecnologia-en-vic-para-empresas-y-particulares\/#primaryimage"},"image":{"@id":"https:\/\/dualvic.com\/es\/deteinco-servicios-informaticos-y-tecnologia-en-vic-para-empresas-y-particulares\/#primaryimage"},"thumbnailUrl":"https:\/\/dualvic.com\/wp-content\/uploads\/2023\/02\/cropped-favicon.webp","datePublished":"2026-02-26T13:54:24+00:00","dateModified":"2026-07-08T16:24:04+00:00","description":"Descobreix Deteinco, experts en ordinadors, software, vigil\u00e0ncia, servei t\u00e8cnic i projectes IT amb atenci\u00f3 personalitzada i solucions tecnol\u00f2giques a mida.","breadcrumb":{"@id":"https:\/\/dualvic.com\/es\/deteinco-servicios-informaticos-y-tecnologia-en-vic-para-empresas-y-particulares\/#breadcrumb"},"inLanguage":"es","potentialAction":[{"@type":"ReadAction","target":["https:\/\/dualvic.com\/es\/deteinco-servicios-informaticos-y-tecnologia-en-vic-para-empresas-y-particulares\/"]}]},{"@type":"ImageObject","inLanguage":"es","@id":"https:\/\/dualvic.com\/es\/deteinco-servicios-informaticos-y-tecnologia-en-vic-para-empresas-y-particulares\/#primaryimage","url":"https:\/\/dualvic.com\/wp-content\/uploads\/2023\/02\/cropped-favicon.webp","contentUrl":"https:\/\/dualvic.com\/wp-content\/uploads\/2023\/02\/cropped-favicon.webp","width":512,"height":512},{"@type":"BreadcrumbList","@id":"https:\/\/dualvic.com\/es\/deteinco-servicios-informaticos-y-tecnologia-en-vic-para-empresas-y-particulares\/#breadcrumb","itemListElement":[{"@type":"ListItem","position":1,"name":"Inici","item":"https:\/\/dualvic.com\/es\/"},{"@type":"ListItem","position":2,"name":"Deteinco \u2013 Servicios Inform\u00e1ticos y Tecnolog\u00eda en Vic para Empresas y Particulares"}]},{"@type":"WebSite","@id":"https:\/\/dualvic.com\/es\/#website","url":"https:\/\/dualvic.com\/es\/","name":"dualvic. Inform\u00e0tica vic. P\u00e0gina Web Vic. P\u00e0gina Web Osona","description":"Dualvic, ag\u00e8ncia digital \/ inform\u00e0tica","publisher":{"@id":"https:\/\/dualvic.com\/es\/#organization"},"potentialAction":[{"@type":"SearchAction","target":{"@type":"EntryPoint","urlTemplate":"https:\/\/dualvic.com\/es\/?s={search_term_string}"},"query-input":{"@type":"PropertyValueSpecification","valueRequired":true,"valueName":"search_term_string"}}],"inLanguage":"es"},{"@type":"Organization","@id":"https:\/\/dualvic.com\/es\/#organization","name":"dualvic. Inform\u00e0tica vic. P\u00e0gina Web Vic. P\u00e0gina Web Osona","url":"https:\/\/dualvic.com\/es\/","logo":{"@type":"ImageObject","inLanguage":"es","@id":"https:\/\/dualvic.com\/es\/#\/schema\/logo\/image\/","url":"https:\/\/dualvic.com\/wp-content\/uploads\/2021\/02\/Logo.webp","contentUrl":"https:\/\/dualvic.com\/wp-content\/uploads\/2021\/02\/Logo.webp","width":768,"height":264,"caption":"dualvic. Inform\u00e0tica vic. P\u00e0gina Web Vic. P\u00e0gina Web Osona"},"image":{"@id":"https:\/\/dualvic.com\/es\/#\/schema\/logo\/image\/"},"sameAs":["https:\/\/www.facebook.com\/dualvic\/","https:\/\/x.com\/dualvic"]}]}},"_links":{"self":[{"href":"https:\/\/dualvic.com\/es\/wp-json\/wp\/v2\/pages\/3885","targetHints":{"allow":["GET"]}}],"collection":[{"href":"https:\/\/dualvic.com\/es\/wp-json\/wp\/v2\/pages"}],"about":[{"href":"https:\/\/dualvic.com\/es\/wp-json\/wp\/v2\/types\/page"}],"author":[{"embeddable":true,"href":"https:\/\/dualvic.com\/es\/wp-json\/wp\/v2\/users\/1"}],"replies":[{"embeddable":true,"href":"https:\/\/dualvic.com\/es\/wp-json\/wp\/v2\/comments?post=3885"}],"version-history":[{"count":0,"href":"https:\/\/dualvic.com\/es\/wp-json\/wp\/v2\/pages\/3885\/revisions"}],"wp:featuredmedia":[{"embeddable":true,"href":"https:\/\/dualvic.com\/es\/wp-json\/wp\/v2\/media\/1257"}],"wp:attachment":[{"href":"https:\/\/dualvic.com\/es\/wp-json\/wp\/v2\/media?parent=3885"}],"wp:term":[{"taxonomy":"funcionalitat","embeddable":true,"href":"https:\/\/dualvic.com\/es\/wp-json\/wp\/v2\/funcionalitat?post=3885"},{"taxonomy":"categoria_pagina","embeddable":true,"href":"https:\/\/dualvic.com\/es\/wp-json\/wp\/v2\/categoria_pagina?post=3885"},{"taxonomy":"hf_cat_page","embeddable":true,"href":"https:\/\/dualvic.com\/es\/wp-json\/wp\/v2\/hf_cat_page?post=3885"}],"curies":[{"name":"wp","href":"https:\/\/api.w.org\/{rel}","templated":true}]}}